{"id":939,"date":"2020-03-24T18:17:15","date_gmt":"2020-03-24T17:17:15","guid":{"rendered":"https:\/\/hallelux.se\/hallelux-plannja\/"},"modified":"2022-01-03T10:16:50","modified_gmt":"2022-01-03T09:16:50","slug":"hallelux-plannja","status":"publish","type":"page","link":"https:\/\/hallelux.se\/pl\/hallelux-plannja\/","title":{"rendered":"HalleLux \u2013 Plannja"},"content":{"rendered":"\n\n\t<section class=\"section\" id=\"section_913199642\">\n\t\t<div class=\"section-bg fill\" >\n\t\t\t\t\t\t\t\t\t<div class=\"section-bg-overlay absolute fill\"><\/div>\n\t\t\t\n\n\t\t<\/div>\n\n\t\t\n\n\t\t<div class=\"section-content relative\">\n\t\t\t\n\n<div class=\"row row-large\"  id=\"row-1370253733\">\n\n\n\t<div id=\"col-174282859\" class=\"col medium-6 small-12 large-6\"  >\n\t\t\t\t<div class=\"col-inner\"  >\n\t\t\t\n\t\t\t\n\n\t<div class=\"img has-hover x md-x lg-x y md-y lg-y\" id=\"image_1930980779\">\n\t\t\t\t\t\t\t\t<div class=\"img-inner dark\" >\n\t\t\t<img loading=\"lazy\" decoding=\"async\" width=\"1020\" height=\"1020\" src=\"https:\/\/hallelux.se\/wp-content\/uploads\/2020\/01\/plannja_bild_halle_high-1024x1024.jpg\" class=\"attachment-large size-large\" alt=\"\" srcset=\"https:\/\/hallelux.se\/wp-content\/uploads\/2020\/01\/plannja_bild_halle_high-1024x1024.jpg 1024w, https:\/\/hallelux.se\/wp-content\/uploads\/2020\/01\/plannja_bild_halle_high-300x300.jpg 300w, https:\/\/hallelux.se\/wp-content\/uploads\/2020\/01\/plannja_bild_halle_high-150x150.jpg 150w, https:\/\/hallelux.se\/wp-content\/uploads\/2020\/01\/plannja_bild_halle_high-768x768.jpg 768w, https:\/\/hallelux.se\/wp-content\/uploads\/2020\/01\/plannja_bild_halle_high-1536x1536.jpg 1536w, https:\/\/hallelux.se\/wp-content\/uploads\/2020\/01\/plannja_bild_halle_high.jpg 1800w\" sizes=\"auto, (max-width: 1020px) 100vw, 1020px\" \/>\t\t\t\t\t\t\n\t\t\t\t\t<\/div>\n\t\t\t\t\t\t\t\t\n<style>\n#image_1930980779 {\n  width: 100%;\n}\n<\/style>\n\t<\/div>\n\t\n\n\n\t\t<\/div>\n\t\t\t\t\t<\/div>\n\n\t\n\n\t<div id=\"col-115664206\" class=\"col medium-6 small-12 large-6\"  >\n\t\t\t\t<div class=\"col-inner text-left\"  >\n\t\t\t\n\t\t\t\n\n<h1>Plannja \u2013 Powierzchnie otwarte na \u015bwiat\u0142o dzienne GRP (Glass reinforced Plastic)<\/h1>\n\n<p>Halle ju\u017c od d\u0142ugiego czasu prowadzi wsp\u00f3\u0142prac\u0119 z firm\u0105 Plannja i ju\u017c od lat 60-tych firma nasza dostarcza powierzchni otwartych na \u015bwiat\u0142o dzienne do ich system\u00f3w konstrukcyjnych na terenie ca\u0142ej Europy.<\/p>\n\n<p>Je\u017celi Pa\u0144stwo nie znajd\u0105 swojego profilu w poni\u017cszej tabeli, prosimy nas o tym poinformowa\u0107, a my b\u0119dziemy mogli sprawdzi\u0107, czy mo\u017ce ju\u017c teraz go mamy, albo czy nowe narz\u0119dzie do profilowania mamy zamiar opracowa\u0107.<\/p>\n\n<p>Mo\u017cna uzyska\u0107 nast\u0119puj\u0105ce profile:<\/p>\n\n<ul>\n<li>Ze zbrojenie\/m kw. 375 g \/ 450 g \/ 900 g \/ 1200 g<\/li>\n<li>Barwione na dowolny kolor z palety RAL<\/li>\n<li>Z ochron\u0105 przed kondesacj\u0105 pary wodnej<\/li>\n<\/ul>\n\n\t\t<\/div>\n\t\t\t\t\t<\/div>\n\n\t\n\n<\/div>\n\n\t\t<\/div>\n\n\t\t\n<style>\n#section_913199642 {\n  padding-top: 60px;\n  padding-bottom: 60px;\n  background-color: rgb(193, 193, 193);\n}\n#section_913199642 .section-bg-overlay {\n  background-color: rgba(255, 255, 255, 0.85);\n}\n<\/style>\n\t<\/section>\n\t\n<div class=\"accordion\">\n\n\t<div id=\"accordion-3705959793\" class=\"accordion-item\">\n\t\t<a id=\"accordion-3705959793-label\" class=\"accordion-title plain\" href=\"#accordion-item-plannja-19-r-nr-kat.-pq\" aria-expanded=\"false\" aria-controls=\"accordion-3705959793-content\">\n\t\t\t<button class=\"toggle\" aria-label=\"Prze\u0142\u0105cznik\"><i class=\"icon-angle-down\" aria-hidden=\"true\"><\/i><\/button>\n\t\t\t<span>Plannja 19 R Nr kat. PQ<\/span>\n\t\t<\/a>\n\t\t<div id=\"accordion-3705959793-content\" class=\"accordion-inner\" aria-labelledby=\"accordion-3705959793-label\">\n\t\t\t\n\n\t<div class=\"img has-hover x md-x lg-x y md-y lg-y\" id=\"image_40464621\">\n\t\t\t\t\t\t\t\t<div class=\"img-inner dark\" >\n\t\t\t<img loading=\"lazy\" decoding=\"async\" width=\"1020\" height=\"712\" src=\"https:\/\/hallelux.se\/wp-content\/uploads\/2020\/01\/PQ-1-1024x715.png\" class=\"attachment-large size-large\" alt=\"\" srcset=\"https:\/\/hallelux.se\/wp-content\/uploads\/2020\/01\/PQ-1-1024x715.png 1024w, https:\/\/hallelux.se\/wp-content\/uploads\/2020\/01\/PQ-1-300x209.png 300w, https:\/\/hallelux.se\/wp-content\/uploads\/2020\/01\/PQ-1-768x536.png 768w, https:\/\/hallelux.se\/wp-content\/uploads\/2020\/01\/PQ-1.png 1271w\" sizes=\"auto, (max-width: 1020px) 100vw, 1020px\" \/>\t\t\t\t\t\t\n\t\t\t\t\t<\/div>\n\t\t\t\t\t\t\t\t\n<style>\n#image_40464621 {\n  width: 100%;\n}\n<\/style>\n\t<\/div>\n\t\n\n\n\t\t<\/div>\n\t<\/div>\n\t\n\t<div id=\"accordion-3616938235\" class=\"accordion-item\">\n\t\t<a id=\"accordion-3616938235-label\" class=\"accordion-title plain\" href=\"#accordion-item-plannja-20-ekonomi-(wariant-ekonomiczny)-nr-kat.-pb\" aria-expanded=\"false\" aria-controls=\"accordion-3616938235-content\">\n\t\t\t<button class=\"toggle\" aria-label=\"Prze\u0142\u0105cznik\"><i class=\"icon-angle-down\" aria-hidden=\"true\"><\/i><\/button>\n\t\t\t<span>Plannja 20 Ekonomi (wariant ekonomiczny) Nr kat. PB<\/span>\n\t\t<\/a>\n\t\t<div id=\"accordion-3616938235-content\" class=\"accordion-inner\" aria-labelledby=\"accordion-3616938235-label\">\n\t\t\t\n\n\t<div class=\"img has-hover x md-x lg-x y md-y lg-y\" id=\"image_1861751152\">\n\t\t\t\t\t\t\t\t<div class=\"img-inner dark\" >\n\t\t\t<img loading=\"lazy\" decoding=\"async\" width=\"1020\" height=\"712\" src=\"https:\/\/hallelux.se\/wp-content\/uploads\/2020\/01\/PB-1-1024x715.png\" class=\"attachment-large size-large\" alt=\"\" srcset=\"https:\/\/hallelux.se\/wp-content\/uploads\/2020\/01\/PB-1-1024x715.png 1024w, https:\/\/hallelux.se\/wp-content\/uploads\/2020\/01\/PB-1-300x210.png 300w, https:\/\/hallelux.se\/wp-content\/uploads\/2020\/01\/PB-1-768x536.png 768w, https:\/\/hallelux.se\/wp-content\/uploads\/2020\/01\/PB-1.png 1263w\" sizes=\"auto, (max-width: 1020px) 100vw, 1020px\" \/>\t\t\t\t\t\t\n\t\t\t\t\t<\/div>\n\t\t\t\t\t\t\t\t\n<style>\n#image_1861751152 {\n  width: 100%;\n}\n<\/style>\n\t<\/div>\n\t\n\n\n\t\t<\/div>\n\t<\/div>\n\t\n\t<div id=\"accordion-3728677782\" class=\"accordion-item\">\n\t\t<a id=\"accordion-3728677782-label\" class=\"accordion-title plain\" href=\"#accordion-item-plannja-20-102-nr-kat.-ti\" aria-expanded=\"false\" aria-controls=\"accordion-3728677782-content\">\n\t\t\t<button class=\"toggle\" aria-label=\"Prze\u0142\u0105cznik\"><i class=\"icon-angle-down\" aria-hidden=\"true\"><\/i><\/button>\n\t\t\t<span>Plannja 20-102 Nr kat. TI<\/span>\n\t\t<\/a>\n\t\t<div id=\"accordion-3728677782-content\" class=\"accordion-inner\" aria-labelledby=\"accordion-3728677782-label\">\n\t\t\t\n\n\t<div class=\"img has-hover x md-x lg-x y md-y lg-y\" id=\"image_120680234\">\n\t\t\t\t\t\t\t\t<div class=\"img-inner dark\" >\n\t\t\t<img loading=\"lazy\" decoding=\"async\" width=\"1020\" height=\"715\" src=\"https:\/\/hallelux.se\/wp-content\/uploads\/2020\/01\/TI-2-1024x718.png\" class=\"attachment-large size-large\" alt=\"\" srcset=\"https:\/\/hallelux.se\/wp-content\/uploads\/2020\/01\/TI-2-1024x718.png 1024w, https:\/\/hallelux.se\/wp-content\/uploads\/2020\/01\/TI-2-300x210.png 300w, https:\/\/hallelux.se\/wp-content\/uploads\/2020\/01\/TI-2-768x538.png 768w, https:\/\/hallelux.se\/wp-content\/uploads\/2020\/01\/TI-2.png 1247w\" sizes=\"auto, (max-width: 1020px) 100vw, 1020px\" \/>\t\t\t\t\t\t\n\t\t\t\t\t<\/div>\n\t\t\t\t\t\t\t\t\n<style>\n#image_120680234 {\n  width: 100%;\n}\n<\/style>\n\t<\/div>\n\t\n\n\n\t\t<\/div>\n\t<\/div>\n\t\n\t<div id=\"accordion-4245799950\" class=\"accordion-item\">\n\t\t<a id=\"accordion-4245799950-label\" class=\"accordion-title plain\" href=\"#accordion-item-plannja-20-105-nr-kat.-pc\" aria-expanded=\"false\" aria-controls=\"accordion-4245799950-content\">\n\t\t\t<button class=\"toggle\" aria-label=\"Prze\u0142\u0105cznik\"><i class=\"icon-angle-down\" aria-hidden=\"true\"><\/i><\/button>\n\t\t\t<span>Plannja 20-105 Nr kat. PC<\/span>\n\t\t<\/a>\n\t\t<div id=\"accordion-4245799950-content\" class=\"accordion-inner\" aria-labelledby=\"accordion-4245799950-label\">\n\t\t\t\n\n\t<div class=\"img has-hover x md-x lg-x y md-y lg-y\" id=\"image_1929138245\">\n\t\t\t\t\t\t\t\t<div class=\"img-inner dark\" >\n\t\t\t<img loading=\"lazy\" decoding=\"async\" width=\"1020\" height=\"711\" src=\"https:\/\/hallelux.se\/wp-content\/uploads\/2020\/01\/PC-1-1024x714.png\" class=\"attachment-large size-large\" alt=\"\" srcset=\"https:\/\/hallelux.se\/wp-content\/uploads\/2020\/01\/PC-1-1024x714.png 1024w, https:\/\/hallelux.se\/wp-content\/uploads\/2020\/01\/PC-1-300x209.png 300w, https:\/\/hallelux.se\/wp-content\/uploads\/2020\/01\/PC-1-768x536.png 768w, https:\/\/hallelux.se\/wp-content\/uploads\/2020\/01\/PC-1.png 1263w\" sizes=\"auto, (max-width: 1020px) 100vw, 1020px\" \/>\t\t\t\t\t\t\n\t\t\t\t\t<\/div>\n\t\t\t\t\t\t\t\t\n<style>\n#image_1929138245 {\n  width: 100%;\n}\n<\/style>\n\t<\/div>\n\t\n\n\n\t\t<\/div>\n\t<\/div>\n\t\n\t<div id=\"accordion-748097063\" class=\"accordion-item\">\n\t\t<a id=\"accordion-748097063-label\" class=\"accordion-title plain\" href=\"#accordion-item-plannja-20-75-900-nr-kat.-pm\" aria-expanded=\"false\" aria-controls=\"accordion-748097063-content\">\n\t\t\t<button class=\"toggle\" aria-label=\"Prze\u0142\u0105cznik\"><i class=\"icon-angle-down\" aria-hidden=\"true\"><\/i><\/button>\n\t\t\t<span>Plannja 20-75-900 Nr kat. PM<\/span>\n\t\t<\/a>\n\t\t<div id=\"accordion-748097063-content\" class=\"accordion-inner\" aria-labelledby=\"accordion-748097063-label\">\n\t\t\t\n\n\t<div class=\"img has-hover x md-x lg-x y md-y lg-y\" id=\"image_1964771789\">\n\t\t\t\t\t\t\t\t<div class=\"img-inner dark\" >\n\t\t\t<img loading=\"lazy\" decoding=\"async\" width=\"1020\" height=\"715\" src=\"https:\/\/hallelux.se\/wp-content\/uploads\/2020\/01\/PM-1-1024x718.png\" class=\"attachment-large size-large\" alt=\"\" srcset=\"https:\/\/hallelux.se\/wp-content\/uploads\/2020\/01\/PM-1-1024x718.png 1024w, https:\/\/hallelux.se\/wp-content\/uploads\/2020\/01\/PM-1-300x210.png 300w, https:\/\/hallelux.se\/wp-content\/uploads\/2020\/01\/PM-1-768x539.png 768w, https:\/\/hallelux.se\/wp-content\/uploads\/2020\/01\/PM-1.png 1262w\" sizes=\"auto, (max-width: 1020px) 100vw, 1020px\" \/>\t\t\t\t\t\t\n\t\t\t\t\t<\/div>\n\t\t\t\t\t\t\t\t\n<style>\n#image_1964771789 {\n  width: 100%;\n}\n<\/style>\n\t<\/div>\n\t\n\n\n\t\t<\/div>\n\t<\/div>\n\t\n\t<div id=\"accordion-1016032163\" class=\"accordion-item\">\n\t\t<a id=\"accordion-1016032163-label\" class=\"accordion-title plain\" href=\"#accordion-item-plannja-30-nr-kat.-pk\" aria-expanded=\"false\" aria-controls=\"accordion-1016032163-content\">\n\t\t\t<button class=\"toggle\" aria-label=\"Prze\u0142\u0105cznik\"><i class=\"icon-angle-down\" aria-hidden=\"true\"><\/i><\/button>\n\t\t\t<span>Plannja 30 Nr kat. PK<\/span>\n\t\t<\/a>\n\t\t<div id=\"accordion-1016032163-content\" class=\"accordion-inner\" aria-labelledby=\"accordion-1016032163-label\">\n\t\t\t\n\n\t<div class=\"img has-hover x md-x lg-x y md-y lg-y\" id=\"image_2004658334\">\n\t\t\t\t\t\t\t\t<div class=\"img-inner dark\" >\n\t\t\t<img loading=\"lazy\" decoding=\"async\" width=\"1020\" height=\"714\" src=\"https:\/\/hallelux.se\/wp-content\/uploads\/2020\/01\/PK-1-1024x717.png\" class=\"attachment-large size-large\" alt=\"\" srcset=\"https:\/\/hallelux.se\/wp-content\/uploads\/2020\/01\/PK-1-1024x717.png 1024w, https:\/\/hallelux.se\/wp-content\/uploads\/2020\/01\/PK-1-300x210.png 300w, https:\/\/hallelux.se\/wp-content\/uploads\/2020\/01\/PK-1-768x538.png 768w, https:\/\/hallelux.se\/wp-content\/uploads\/2020\/01\/PK-1.png 1271w\" sizes=\"auto, (max-width: 1020px) 100vw, 1020px\" \/>\t\t\t\t\t\t\n\t\t\t\t\t<\/div>\n\t\t\t\t\t\t\t\t\n<style>\n#image_2004658334 {\n  width: 100%;\n}\n<\/style>\n\t<\/div>\n\t\n\n\n\t\t<\/div>\n\t<\/div>\n\t\n\t<div id=\"accordion-3666944032\" class=\"accordion-item\">\n\t\t<a id=\"accordion-3666944032-label\" class=\"accordion-title plain\" href=\"#accordion-item-plannja-35-nr-kat.-ha\" aria-expanded=\"false\" aria-controls=\"accordion-3666944032-content\">\n\t\t\t<button class=\"toggle\" aria-label=\"Prze\u0142\u0105cznik\"><i class=\"icon-angle-down\" aria-hidden=\"true\"><\/i><\/button>\n\t\t\t<span>Plannja 35 Nr kat. HA<\/span>\n\t\t<\/a>\n\t\t<div id=\"accordion-3666944032-content\" class=\"accordion-inner\" aria-labelledby=\"accordion-3666944032-label\">\n\t\t\t\n\n\t<div class=\"img has-hover x md-x lg-x y md-y lg-y\" id=\"image_1949862429\">\n\t\t\t\t\t\t\t\t<div class=\"img-inner dark\" >\n\t\t\t<img loading=\"lazy\" decoding=\"async\" width=\"1020\" height=\"712\" src=\"https:\/\/hallelux.se\/wp-content\/uploads\/2020\/01\/HA-1-1024x715.png\" class=\"attachment-large size-large\" alt=\"\" srcset=\"https:\/\/hallelux.se\/wp-content\/uploads\/2020\/01\/HA-1-1024x715.png 1024w, https:\/\/hallelux.se\/wp-content\/uploads\/2020\/01\/HA-1-300x209.png 300w, https:\/\/hallelux.se\/wp-content\/uploads\/2020\/01\/HA-1-768x536.png 768w, https:\/\/hallelux.se\/wp-content\/uploads\/2020\/01\/HA-1.png 1261w\" sizes=\"auto, (max-width: 1020px) 100vw, 1020px\" \/>\t\t\t\t\t\t\n\t\t\t\t\t<\/div>\n\t\t\t\t\t\t\t\t\n<style>\n#image_1949862429 {\n  width: 100%;\n}\n<\/style>\n\t<\/div>\n\t\n\n\n\t\t<\/div>\n\t<\/div>\n\t\n\t<div id=\"accordion-4053684888\" class=\"accordion-item\">\n\t\t<a id=\"accordion-4053684888-label\" class=\"accordion-title plain\" href=\"#accordion-item-plannja-40-nr-kat.-pe\" aria-expanded=\"false\" aria-controls=\"accordion-4053684888-content\">\n\t\t\t<button class=\"toggle\" aria-label=\"Prze\u0142\u0105cznik\"><i class=\"icon-angle-down\" aria-hidden=\"true\"><\/i><\/button>\n\t\t\t<span>Plannja 40 Nr kat. PE<\/span>\n\t\t<\/a>\n\t\t<div id=\"accordion-4053684888-content\" class=\"accordion-inner\" aria-labelledby=\"accordion-4053684888-label\">\n\t\t\t\n\n\t<div class=\"img has-hover x md-x lg-x y md-y lg-y\" id=\"image_1198841068\">\n\t\t\t\t\t\t\t\t<div class=\"img-inner dark\" >\n\t\t\t<img loading=\"lazy\" decoding=\"async\" width=\"1020\" height=\"715\" src=\"https:\/\/hallelux.se\/wp-content\/uploads\/2020\/01\/PE-1-1024x718.png\" class=\"attachment-large size-large\" alt=\"\" srcset=\"https:\/\/hallelux.se\/wp-content\/uploads\/2020\/01\/PE-1-1024x718.png 1024w, https:\/\/hallelux.se\/wp-content\/uploads\/2020\/01\/PE-1-300x210.png 300w, https:\/\/hallelux.se\/wp-content\/uploads\/2020\/01\/PE-1-768x539.png 768w, https:\/\/hallelux.se\/wp-content\/uploads\/2020\/01\/PE-1.png 1266w\" sizes=\"auto, (max-width: 1020px) 100vw, 1020px\" \/>\t\t\t\t\t\t\n\t\t\t\t\t<\/div>\n\t\t\t\t\t\t\t\t\n<style>\n#image_1198841068 {\n  width: 100%;\n}\n<\/style>\n\t<\/div>\n\t\n\n\n\t\t<\/div>\n\t<\/div>\n\t\n\t<div id=\"accordion-3196049166\" class=\"accordion-item\">\n\t\t<a id=\"accordion-3196049166-label\" class=\"accordion-title plain\" href=\"#accordion-item-plannja-40-95-nr-kat.-pl\" aria-expanded=\"false\" aria-controls=\"accordion-3196049166-content\">\n\t\t\t<button class=\"toggle\" aria-label=\"Prze\u0142\u0105cznik\"><i class=\"icon-angle-down\" aria-hidden=\"true\"><\/i><\/button>\n\t\t\t<span>Plannja 40-95 Nr kat. PL<\/span>\n\t\t<\/a>\n\t\t<div id=\"accordion-3196049166-content\" class=\"accordion-inner\" aria-labelledby=\"accordion-3196049166-label\">\n\t\t\t\n\n\t<div class=\"img has-hover x md-x lg-x y md-y lg-y\" id=\"image_430780898\">\n\t\t\t\t\t\t\t\t<div class=\"img-inner dark\" >\n\t\t\t<img loading=\"lazy\" decoding=\"async\" width=\"1020\" height=\"715\" src=\"https:\/\/hallelux.se\/wp-content\/uploads\/2020\/01\/PL-1024x718.png\" class=\"attachment-large size-large\" alt=\"\" srcset=\"https:\/\/hallelux.se\/wp-content\/uploads\/2020\/01\/PL-1024x718.png 1024w, https:\/\/hallelux.se\/wp-content\/uploads\/2020\/01\/PL-300x210.png 300w, https:\/\/hallelux.se\/wp-content\/uploads\/2020\/01\/PL-768x538.png 768w, https:\/\/hallelux.se\/wp-content\/uploads\/2020\/01\/PL.png 1257w\" sizes=\"auto, (max-width: 1020px) 100vw, 1020px\" \/>\t\t\t\t\t\t\n\t\t\t\t\t<\/div>\n\t\t\t\t\t\t\t\t\n<style>\n#image_430780898 {\n  width: 100%;\n}\n<\/style>\n\t<\/div>\n\t\n\n\n\t\t<\/div>\n\t<\/div>\n\t\n\t<div id=\"accordion-3379209818\" class=\"accordion-item\">\n\t\t<a id=\"accordion-3379209818-label\" class=\"accordion-title plain\" href=\"#accordion-item-plannja-45-176-nr-kat.-pp\" aria-expanded=\"false\" aria-controls=\"accordion-3379209818-content\">\n\t\t\t<button class=\"toggle\" aria-label=\"Prze\u0142\u0105cznik\"><i class=\"icon-angle-down\" aria-hidden=\"true\"><\/i><\/button>\n\t\t\t<span>Plannja 45-176 Nr kat. PP<\/span>\n\t\t<\/a>\n\t\t<div id=\"accordion-3379209818-content\" class=\"accordion-inner\" aria-labelledby=\"accordion-3379209818-label\">\n\t\t\t\n\n\t<div class=\"img has-hover x md-x lg-x y md-y lg-y\" id=\"image_696421094\">\n\t\t\t\t\t\t\t\t<div class=\"img-inner dark\" >\n\t\t\t<img loading=\"lazy\" decoding=\"async\" width=\"1020\" height=\"716\" src=\"https:\/\/hallelux.se\/wp-content\/uploads\/2020\/01\/PP-1024x719.png\" class=\"attachment-large size-large\" alt=\"\" srcset=\"https:\/\/hallelux.se\/wp-content\/uploads\/2020\/01\/PP-1024x719.png 1024w, https:\/\/hallelux.se\/wp-content\/uploads\/2020\/01\/PP-300x211.png 300w, https:\/\/hallelux.se\/wp-content\/uploads\/2020\/01\/PP-768x539.png 768w, https:\/\/hallelux.se\/wp-content\/uploads\/2020\/01\/PP.png 1260w\" sizes=\"auto, (max-width: 1020px) 100vw, 1020px\" \/>\t\t\t\t\t\t\n\t\t\t\t\t<\/div>\n\t\t\t\t\t\t\t\t\n<style>\n#image_696421094 {\n  width: 100%;\n}\n<\/style>\n\t<\/div>\n\t\n\n\n\t\t<\/div>\n\t<\/div>\n\t\n\t<div id=\"accordion-251560911\" class=\"accordion-item\">\n\t\t<a id=\"accordion-251560911-label\" class=\"accordion-title plain\" href=\"#accordion-item-plannja-45-f-nr-kat.-pj\" aria-expanded=\"false\" aria-controls=\"accordion-251560911-content\">\n\t\t\t<button class=\"toggle\" aria-label=\"Prze\u0142\u0105cznik\"><i class=\"icon-angle-down\" aria-hidden=\"true\"><\/i><\/button>\n\t\t\t<span>Plannja 45 F Nr kat. PJ<\/span>\n\t\t<\/a>\n\t\t<div id=\"accordion-251560911-content\" class=\"accordion-inner\" aria-labelledby=\"accordion-251560911-label\">\n\t\t\t\n\n\t<div class=\"img has-hover x md-x lg-x y md-y lg-y\" id=\"image_858939961\">\n\t\t\t\t\t\t\t\t<div class=\"img-inner dark\" >\n\t\t\t<img loading=\"lazy\" decoding=\"async\" width=\"1020\" height=\"708\" src=\"https:\/\/hallelux.se\/wp-content\/uploads\/2020\/01\/PJ-1024x711.png\" class=\"attachment-large size-large\" alt=\"\" srcset=\"https:\/\/hallelux.se\/wp-content\/uploads\/2020\/01\/PJ-1024x711.png 1024w, https:\/\/hallelux.se\/wp-content\/uploads\/2020\/01\/PJ-300x208.png 300w, https:\/\/hallelux.se\/wp-content\/uploads\/2020\/01\/PJ-768x533.png 768w, https:\/\/hallelux.se\/wp-content\/uploads\/2020\/01\/PJ.png 1268w\" sizes=\"auto, (max-width: 1020px) 100vw, 1020px\" \/>\t\t\t\t\t\t\n\t\t\t\t\t<\/div>\n\t\t\t\t\t\t\t\t\n<style>\n#image_858939961 {\n  width: 100%;\n}\n<\/style>\n\t<\/div>\n\t\n\n\n\t\t<\/div>\n\t<\/div>\n\t\n\t<div id=\"accordion-309330582\" class=\"accordion-item\">\n\t\t<a id=\"accordion-309330582-label\" class=\"accordion-title plain\" href=\"#accordion-item-plannja-45-vr-nr-kat.-ps\" aria-expanded=\"false\" aria-controls=\"accordion-309330582-content\">\n\t\t\t<button class=\"toggle\" aria-label=\"Prze\u0142\u0105cznik\"><i class=\"icon-angle-down\" aria-hidden=\"true\"><\/i><\/button>\n\t\t\t<span>Plannja 45 VR Nr kat. PS<\/span>\n\t\t<\/a>\n\t\t<div id=\"accordion-309330582-content\" class=\"accordion-inner\" aria-labelledby=\"accordion-309330582-label\">\n\t\t\t\n\n\t<div class=\"img has-hover x md-x lg-x y md-y lg-y\" id=\"image_562822191\">\n\t\t\t\t\t\t\t\t<div class=\"img-inner dark\" >\n\t\t\t<img loading=\"lazy\" decoding=\"async\" width=\"1020\" height=\"710\" src=\"https:\/\/hallelux.se\/wp-content\/uploads\/2020\/01\/PS-1024x713.png\" class=\"attachment-large size-large\" alt=\"\" srcset=\"https:\/\/hallelux.se\/wp-content\/uploads\/2020\/01\/PS-1024x713.png 1024w, https:\/\/hallelux.se\/wp-content\/uploads\/2020\/01\/PS-300x209.png 300w, https:\/\/hallelux.se\/wp-content\/uploads\/2020\/01\/PS-768x534.png 768w, https:\/\/hallelux.se\/wp-content\/uploads\/2020\/01\/PS.png 1276w\" sizes=\"auto, (max-width: 1020px) 100vw, 1020px\" \/>\t\t\t\t\t\t\n\t\t\t\t\t<\/div>\n\t\t\t\t\t\t\t\t\n<style>\n#image_562822191 {\n  width: 100%;\n}\n<\/style>\n\t<\/div>\n\t\n\n\n\t\t<\/div>\n\t<\/div>\n\t\n\t<div id=\"accordion-3402577101\" class=\"accordion-item\">\n\t\t<a id=\"accordion-3402577101-label\" class=\"accordion-title plain\" href=\"#accordion-item-plannja-45--150-nr-kat.-pf\" aria-expanded=\"false\" aria-controls=\"accordion-3402577101-content\">\n\t\t\t<button class=\"toggle\" aria-label=\"Prze\u0142\u0105cznik\"><i class=\"icon-angle-down\" aria-hidden=\"true\"><\/i><\/button>\n\t\t\t<span>Plannja 45- 150 Nr kat. PF<\/span>\n\t\t<\/a>\n\t\t<div id=\"accordion-3402577101-content\" class=\"accordion-inner\" aria-labelledby=\"accordion-3402577101-label\">\n\t\t\t\n\n\t<div class=\"img has-hover x md-x lg-x y md-y lg-y\" id=\"image_1415052958\">\n\t\t\t\t\t\t\t\t<div class=\"img-inner dark\" >\n\t\t\t<img loading=\"lazy\" decoding=\"async\" width=\"1020\" height=\"712\" src=\"https:\/\/hallelux.se\/wp-content\/uploads\/2020\/01\/PF-1024x715.png\" class=\"attachment-large size-large\" alt=\"\" srcset=\"https:\/\/hallelux.se\/wp-content\/uploads\/2020\/01\/PF-1024x715.png 1024w, https:\/\/hallelux.se\/wp-content\/uploads\/2020\/01\/PF-300x209.png 300w, https:\/\/hallelux.se\/wp-content\/uploads\/2020\/01\/PF-768x536.png 768w, https:\/\/hallelux.se\/wp-content\/uploads\/2020\/01\/PF.png 1264w\" sizes=\"auto, (max-width: 1020px) 100vw, 1020px\" \/>\t\t\t\t\t\t\n\t\t\t\t\t<\/div>\n\t\t\t\t\t\t\t\t\n<style>\n#image_1415052958 {\n  width: 100%;\n}\n<\/style>\n\t<\/div>\n\t\n\n\n\t\t<\/div>\n\t<\/div>\n\t\n\t<div id=\"accordion-3292547794\" class=\"accordion-item\">\n\t\t<a id=\"accordion-3292547794-label\" class=\"accordion-title plain\" href=\"#accordion-item-plannja-60-nr-kat.-ph\" aria-expanded=\"false\" aria-controls=\"accordion-3292547794-content\">\n\t\t\t<button class=\"toggle\" aria-label=\"Prze\u0142\u0105cznik\"><i class=\"icon-angle-down\" aria-hidden=\"true\"><\/i><\/button>\n\t\t\t<span>Plannja 60 Nr kat. PH<\/span>\n\t\t<\/a>\n\t\t<div id=\"accordion-3292547794-content\" class=\"accordion-inner\" aria-labelledby=\"accordion-3292547794-label\">\n\t\t\t\n\n\t<div class=\"img has-hover x md-x lg-x y md-y lg-y\" id=\"image_410089055\">\n\t\t\t\t\t\t\t\t<div class=\"img-inner dark\" >\n\t\t\t<img loading=\"lazy\" decoding=\"async\" width=\"1020\" height=\"716\" src=\"https:\/\/hallelux.se\/wp-content\/uploads\/2020\/01\/PH-1024x719.png\" class=\"attachment-large size-large\" alt=\"\" srcset=\"https:\/\/hallelux.se\/wp-content\/uploads\/2020\/01\/PH-1024x719.png 1024w, https:\/\/hallelux.se\/wp-content\/uploads\/2020\/01\/PH-300x211.png 300w, https:\/\/hallelux.se\/wp-content\/uploads\/2020\/01\/PH-768x539.png 768w, https:\/\/hallelux.se\/wp-content\/uploads\/2020\/01\/PH.png 1271w\" sizes=\"auto, (max-width: 1020px) 100vw, 1020px\" \/>\t\t\t\t\t\t\n\t\t\t\t\t<\/div>\n\t\t\t\t\t\t\t\t\n<style>\n#image_410089055 {\n  width: 100%;\n}\n<\/style>\n\t<\/div>\n\t\n\n\n\t\t<\/div>\n\t<\/div>\n\t\n\t<div id=\"accordion-2309265387\" class=\"accordion-item\">\n\t\t<a id=\"accordion-2309265387-label\" class=\"accordion-title plain\" href=\"#accordion-item-plannja-70-nr-kat.-pi\" aria-expanded=\"false\" aria-controls=\"accordion-2309265387-content\">\n\t\t\t<button class=\"toggle\" aria-label=\"Prze\u0142\u0105cznik\"><i class=\"icon-angle-down\" aria-hidden=\"true\"><\/i><\/button>\n\t\t\t<span>Plannja 70 Nr kat. PI<\/span>\n\t\t<\/a>\n\t\t<div id=\"accordion-2309265387-content\" class=\"accordion-inner\" aria-labelledby=\"accordion-2309265387-label\">\n\t\t\t\n\n\t<div class=\"img has-hover x md-x lg-x y md-y lg-y\" id=\"image_1414608863\">\n\t\t\t\t\t\t\t\t<div class=\"img-inner dark\" >\n\t\t\t<img loading=\"lazy\" decoding=\"async\" width=\"1020\" height=\"708\" src=\"https:\/\/hallelux.se\/wp-content\/uploads\/2020\/01\/PI-1024x711.png\" class=\"attachment-large size-large\" alt=\"\" srcset=\"https:\/\/hallelux.se\/wp-content\/uploads\/2020\/01\/PI-1024x711.png 1024w, https:\/\/hallelux.se\/wp-content\/uploads\/2020\/01\/PI-300x208.png 300w, https:\/\/hallelux.se\/wp-content\/uploads\/2020\/01\/PI-768x533.png 768w, https:\/\/hallelux.se\/wp-content\/uploads\/2020\/01\/PI.png 1264w\" sizes=\"auto, (max-width: 1020px) 100vw, 1020px\" \/>\t\t\t\t\t\t\n\t\t\t\t\t<\/div>\n\t\t\t\t\t\t\t\t\n<style>\n#image_1414608863 {\n  width: 100%;\n}\n<\/style>\n\t<\/div>\n\t\n\n\n\t\t<\/div>\n\t<\/div>\n\t\n\t<div id=\"accordion-2926527058\" class=\"accordion-item\">\n\t\t<a id=\"accordion-2926527058-label\" class=\"accordion-title plain\" href=\"#accordion-item-plannja-kp-158-nr-kat.-sc\" aria-expanded=\"false\" aria-controls=\"accordion-2926527058-content\">\n\t\t\t<button class=\"toggle\" aria-label=\"Prze\u0142\u0105cznik\"><i class=\"icon-angle-down\" aria-hidden=\"true\"><\/i><\/button>\n\t\t\t<span>Plannja KP 158 Nr kat. SC<\/span>\n\t\t<\/a>\n\t\t<div id=\"accordion-2926527058-content\" class=\"accordion-inner\" aria-labelledby=\"accordion-2926527058-label\">\n\t\t\t\n\n\t<div class=\"img has-hover x md-x lg-x y md-y lg-y\" id=\"image_413741951\">\n\t\t\t\t\t\t\t\t<div class=\"img-inner dark\" >\n\t\t\t<img loading=\"lazy\" decoding=\"async\" width=\"1020\" height=\"714\" src=\"https:\/\/hallelux.se\/wp-content\/uploads\/2020\/01\/SC-1024x717.png\" class=\"attachment-large size-large\" alt=\"\" srcset=\"https:\/\/hallelux.se\/wp-content\/uploads\/2020\/01\/SC-1024x717.png 1024w, https:\/\/hallelux.se\/wp-content\/uploads\/2020\/01\/SC-300x210.png 300w, https:\/\/hallelux.se\/wp-content\/uploads\/2020\/01\/SC-768x537.png 768w, https:\/\/hallelux.se\/wp-content\/uploads\/2020\/01\/SC.png 1259w\" sizes=\"auto, (max-width: 1020px) 100vw, 1020px\" \/>\t\t\t\t\t\t\n\t\t\t\t\t<\/div>\n\t\t\t\t\t\t\t\t\n<style>\n#image_413741951 {\n  width: 100%;\n}\n<\/style>\n\t<\/div>\n\t\n\n\n\t\t<\/div>\n\t<\/div>\n\t\n\t<div id=\"accordion-2081161470\" class=\"accordion-item\">\n\t\t<a id=\"accordion-2081161470-label\" class=\"accordion-title plain\" href=\"#accordion-item-plannja-modern-(wariant-nowoczesny)-nr-kat.-po\" aria-expanded=\"false\" aria-controls=\"accordion-2081161470-content\">\n\t\t\t<button class=\"toggle\" aria-label=\"Prze\u0142\u0105cznik\"><i class=\"icon-angle-down\" aria-hidden=\"true\"><\/i><\/button>\n\t\t\t<span>Plannja Modern (wariant nowoczesny) Nr kat. PO<\/span>\n\t\t<\/a>\n\t\t<div id=\"accordion-2081161470-content\" class=\"accordion-inner\" aria-labelledby=\"accordion-2081161470-label\">\n\t\t\t\n\n\t<div class=\"img has-hover x md-x lg-x y md-y lg-y\" id=\"image_467420106\">\n\t\t\t\t\t\t\t\t<div class=\"img-inner dark\" >\n\t\t\t<img loading=\"lazy\" decoding=\"async\" width=\"1020\" height=\"718\" src=\"https:\/\/hallelux.se\/wp-content\/uploads\/2020\/01\/PO-1024x721.png\" class=\"attachment-large size-large\" alt=\"\" srcset=\"https:\/\/hallelux.se\/wp-content\/uploads\/2020\/01\/PO-1024x721.png 1024w, https:\/\/hallelux.se\/wp-content\/uploads\/2020\/01\/PO-300x211.png 300w, https:\/\/hallelux.se\/wp-content\/uploads\/2020\/01\/PO-768x541.png 768w, https:\/\/hallelux.se\/wp-content\/uploads\/2020\/01\/PO.png 1266w\" sizes=\"auto, (max-width: 1020px) 100vw, 1020px\" \/>\t\t\t\t\t\t\n\t\t\t\t\t<\/div>\n\t\t\t\t\t\t\t\t\n<style>\n#image_467420106 {\n  width: 100%;\n}\n<\/style>\n\t<\/div>\n\t\n\n\t<div class=\"img has-hover x md-x lg-x y md-y lg-y\" id=\"image_1990616476\">\n\t\t\t\t\t\t\t\t<div class=\"img-inner dark\" >\n\t\t\t\t\t\t\t\t\t\n\t\t\t\t\t<\/div>\n\t\t\t\t\t\t\t\t\n<style>\n#image_1990616476 {\n  width: 100%;\n}\n<\/style>\n\t<\/div>\n\t\n\n\n\t\t<\/div>\n\t<\/div>\n\t\n\t<div id=\"accordion-2907004967\" class=\"accordion-item\">\n\t\t<a id=\"accordion-2907004967-label\" class=\"accordion-title plain\" href=\"#accordion-item-plannja-pannpl\u00e5t-(blacha-kot\u0142owa)-nr-kat.-pr\" aria-expanded=\"false\" aria-controls=\"accordion-2907004967-content\">\n\t\t\t<button class=\"toggle\" aria-label=\"Prze\u0142\u0105cznik\"><i class=\"icon-angle-down\" aria-hidden=\"true\"><\/i><\/button>\n\t\t\t<span>Plannja Pannpl\u00e5t (blacha kot\u0142owa) Nr kat. PR<\/span>\n\t\t<\/a>\n\t\t<div id=\"accordion-2907004967-content\" class=\"accordion-inner\" aria-labelledby=\"accordion-2907004967-label\">\n\t\t\t\n\n\t<div class=\"img has-hover x md-x lg-x y md-y lg-y\" id=\"image_272775189\">\n\t\t\t\t\t\t\t\t<div class=\"img-inner dark\" >\n\t\t\t<img loading=\"lazy\" decoding=\"async\" width=\"1020\" height=\"705\" src=\"https:\/\/hallelux.se\/wp-content\/uploads\/2020\/01\/PR-1024x708.png\" class=\"attachment-large size-large\" alt=\"\" srcset=\"https:\/\/hallelux.se\/wp-content\/uploads\/2020\/01\/PR-1024x708.png 1024w, https:\/\/hallelux.se\/wp-content\/uploads\/2020\/01\/PR-300x207.png 300w, https:\/\/hallelux.se\/wp-content\/uploads\/2020\/01\/PR-768x531.png 768w, https:\/\/hallelux.se\/wp-content\/uploads\/2020\/01\/PR.png 1266w\" sizes=\"auto, (max-width: 1020px) 100vw, 1020px\" \/>\t\t\t\t\t\t\n\t\t\t\t\t<\/div>\n\t\t\t\t\t\t\t\t\n<style>\n#image_272775189 {\n  width: 100%;\n}\n<\/style>\n\t<\/div>\n\t\n\n\n\t\t<\/div>\n\t<\/div>\n\t\n\t<div id=\"accordion-2739508529\" class=\"accordion-item\">\n\t\t<a id=\"accordion-2739508529-label\" class=\"accordion-title plain\" href=\"#accordion-item-plannja-sinus-18-nr-kat.-wc\" aria-expanded=\"false\" aria-controls=\"accordion-2739508529-content\">\n\t\t\t<button class=\"toggle\" aria-label=\"Prze\u0142\u0105cznik\"><i class=\"icon-angle-down\" aria-hidden=\"true\"><\/i><\/button>\n\t\t\t<span>Plannja Sinus 18 Nr kat. WC<\/span>\n\t\t<\/a>\n\t\t<div id=\"accordion-2739508529-content\" class=\"accordion-inner\" aria-labelledby=\"accordion-2739508529-label\">\n\t\t\t\n\n\t<div class=\"img has-hover x md-x lg-x y md-y lg-y\" id=\"image_1760330398\">\n\t\t\t\t\t\t\t\t<div class=\"img-inner dark\" >\n\t\t\t<img loading=\"lazy\" decoding=\"async\" width=\"1020\" height=\"714\" src=\"https:\/\/hallelux.se\/wp-content\/uploads\/2020\/01\/WC-3-1024x717.png\" class=\"attachment-large size-large\" alt=\"\" srcset=\"https:\/\/hallelux.se\/wp-content\/uploads\/2020\/01\/WC-3-1024x717.png 1024w, https:\/\/hallelux.se\/wp-content\/uploads\/2020\/01\/WC-3-300x210.png 300w, https:\/\/hallelux.se\/wp-content\/uploads\/2020\/01\/WC-3-768x538.png 768w, https:\/\/hallelux.se\/wp-content\/uploads\/2020\/01\/WC-3.png 1266w\" sizes=\"auto, (max-width: 1020px) 100vw, 1020px\" \/>\t\t\t\t\t\t\n\t\t\t\t\t<\/div>\n\t\t\t\t\t\t\t\t\n<style>\n#image_1760330398 {\n  width: 100%;\n}\n<\/style>\n\t<\/div>\n\t\n\n\n\t\t<\/div>\n\t<\/div>\n\t\n\t<div id=\"accordion-2477181350\" class=\"accordion-item\">\n\t\t<a id=\"accordion-2477181350-label\" class=\"accordion-title plain\" href=\"#accordion-item-plannja-sinus-51-nr-kat.-se\" aria-expanded=\"false\" aria-controls=\"accordion-2477181350-content\">\n\t\t\t<button class=\"toggle\" aria-label=\"Prze\u0142\u0105cznik\"><i class=\"icon-angle-down\" aria-hidden=\"true\"><\/i><\/button>\n\t\t\t<span>Plannja Sinus 51 Nr kat. SE<\/span>\n\t\t<\/a>\n\t\t<div id=\"accordion-2477181350-content\" class=\"accordion-inner\" aria-labelledby=\"accordion-2477181350-label\">\n\t\t\t\n\n\t<div class=\"img has-hover x md-x lg-x y md-y lg-y\" id=\"image_2147308533\">\n\t\t\t\t\t\t\t\t<div class=\"img-inner dark\" >\n\t\t\t<img loading=\"lazy\" decoding=\"async\" width=\"1020\" height=\"720\" src=\"https:\/\/hallelux.se\/wp-content\/uploads\/2020\/01\/SE-1024x723.png\" class=\"attachment-large size-large\" alt=\"\" srcset=\"https:\/\/hallelux.se\/wp-content\/uploads\/2020\/01\/SE-1024x723.png 1024w, https:\/\/hallelux.se\/wp-content\/uploads\/2020\/01\/SE-300x212.png 300w, https:\/\/hallelux.se\/wp-content\/uploads\/2020\/01\/SE-768x542.png 768w, https:\/\/hallelux.se\/wp-content\/uploads\/2020\/01\/SE.png 1257w\" sizes=\"auto, (max-width: 1020px) 100vw, 1020px\" \/>\t\t\t\t\t\t\n\t\t\t\t\t<\/div>\n\t\t\t\t\t\t\t\t\n<style>\n#image_2147308533 {\n  width: 100%;\n}\n<\/style>\n\t<\/div>\n\t\n\n\n\t\t<\/div>\n\t<\/div>\n\t\n\t<div id=\"accordion-2683324176\" class=\"accordion-item\">\n\t\t<a id=\"accordion-2683324176-label\" class=\"accordion-title plain\" href=\"#accordion-item-poliw\u0118glan-polisol-przezroczysty-\/-przydymiony-\/-opalizuj\u0104cy\" aria-expanded=\"false\" aria-controls=\"accordion-2683324176-content\">\n\t\t\t<button class=\"toggle\" aria-label=\"Prze\u0142\u0105cznik\"><i class=\"icon-angle-down\" aria-hidden=\"true\"><\/i><\/button>\n\t\t\t<span>POLIW\u0118GLAN POLISOL PRZEZROCZYSTY \/ PRZYDYMIONY \/ OPALIZUJ\u0104CY<\/span>\n\t\t<\/a>\n\t\t<div id=\"accordion-2683324176-content\" class=\"accordion-inner\" aria-labelledby=\"accordion-2683324176-label\">\n\t\t\t\n\n\t<div class=\"img has-hover x md-x lg-x y md-y lg-y\" id=\"image_1848017514\">\n\t\t\t\t\t\t\t\t<div class=\"img-inner dark\" >\n\t\t\t<img loading=\"lazy\" decoding=\"async\" width=\"927\" height=\"674\" src=\"https:\/\/hallelux.se\/wp-content\/uploads\/2020\/01\/Polysol.png\" class=\"attachment-large size-large\" alt=\"\" srcset=\"https:\/\/hallelux.se\/wp-content\/uploads\/2020\/01\/Polysol.png 927w, https:\/\/hallelux.se\/wp-content\/uploads\/2020\/01\/Polysol-300x218.png 300w, https:\/\/hallelux.se\/wp-content\/uploads\/2020\/01\/Polysol-768x558.png 768w\" sizes=\"auto, (max-width: 927px) 100vw, 927px\" \/>\t\t\t\t\t\t\n\t\t\t\t\t<\/div>\n\t\t\t\t\t\t\t\t\n<style>\n#image_1848017514 {\n  width: 100%;\n}\n<\/style>\n\t<\/div>\n\t\n\n\n\t\t<\/div>\n\t<\/div>\n\t\n\n<\/div>\n<div class=\"is-divider divider clearfix\" style=\"height:30px;background-color:rgba(0, 0, 0, 0);\"><\/div>\n\n\n<div class=\"wpcf7 no-js\" id=\"wpcf7-f6-o1\" lang=\"sv-SE\" dir=\"ltr\" data-wpcf7-id=\"6\">\n<div class=\"screen-reader-response\"><p role=\"status\" aria-live=\"polite\" aria-atomic=\"true\"><\/p> <ul><\/ul><\/div>\n<form action=\"\/pl\/wp-json\/wp\/v2\/pages\/939#wpcf7-f6-o1\" method=\"post\" class=\"wpcf7-form init\" aria-label=\"Kontaktformul\u00e4r\" novalidate=\"novalidate\" data-status=\"init\">\n<fieldset class=\"hidden-fields-container\"><input type=\"hidden\" name=\"_wpcf7\" value=\"6\" \/><input type=\"hidden\" name=\"_wpcf7_version\" value=\"6.1.5\" \/><input type=\"hidden\" name=\"_wpcf7_locale\" value=\"sv_SE\" \/><input type=\"hidden\" name=\"_wpcf7_unit_tag\" value=\"wpcf7-f6-o1\" \/><input type=\"hidden\" name=\"_wpcf7_container_post\" value=\"0\" \/><input type=\"hidden\" name=\"_wpcf7_posted_data_hash\" value=\"\" \/><input type=\"hidden\" name=\"_wpcf7_recaptcha_response\" value=\"\" \/>\n<\/fieldset>\n<p><label> Your Name<br \/>\n<span class=\"wpcf7-form-control-wrap\" data-name=\"your-name\"><input size=\"40\" maxlength=\"400\" class=\"wpcf7-form-control wpcf7-text wpcf7-validates-as-required\" aria-required=\"true\" aria-invalid=\"false\" value=\"\" type=\"text\" name=\"your-name\" \/><\/span> <\/label>\n<\/p>\n<p><label> Your Email Address<br \/>\n<span class=\"wpcf7-form-control-wrap\" data-name=\"your-email\"><input size=\"40\" maxlength=\"400\" class=\"wpcf7-form-control wpcf7-email wpcf7-validates-as-required wpcf7-text wpcf7-validates-as-email\" aria-required=\"true\" aria-invalid=\"false\" value=\"\" type=\"email\" name=\"your-email\" \/><\/span> <\/label>\n<\/p>\n<p><label> Your Message<br \/>\n<span class=\"wpcf7-form-control-wrap\" data-name=\"your-message\"><textarea cols=\"40\" rows=\"10\" maxlength=\"2000\" class=\"wpcf7-form-control wpcf7-textarea wpcf7-validates-as-required\" aria-required=\"true\" aria-invalid=\"false\" name=\"your-message\"><\/textarea><\/span> <\/label>\n<\/p>\n<p><input class=\"wpcf7-form-control wpcf7-submit has-spinner\" type=\"submit\" value=\"Send message\" \/>\n<\/p><div class=\"wpcf7-response-output\" aria-hidden=\"true\"><\/div>\n<\/form>\n<\/div>\n\n\n\n","protected":false},"excerpt":{"rendered":"","protected":false},"author":1,"featured_media":0,"parent":0,"menu_order":0,"comment_status":"closed","ping_status":"closed","template":"","meta":{"footnotes":""},"class_list":["post-939","page","type-page","status-publish","hentry"],"_links":{"self":[{"href":"https:\/\/hallelux.se\/pl\/wp-json\/wp\/v2\/pages\/939","targetHints":{"allow":["GET"]}}],"collection":[{"href":"https:\/\/hallelux.se\/pl\/wp-json\/wp\/v2\/pages"}],"about":[{"href":"https:\/\/hallelux.se\/pl\/wp-json\/wp\/v2\/types\/page"}],"author":[{"embeddable":true,"href":"https:\/\/hallelux.se\/pl\/wp-json\/wp\/v2\/users\/1"}],"replies":[{"embeddable":true,"href":"https:\/\/hallelux.se\/pl\/wp-json\/wp\/v2\/comments?post=939"}],"version-history":[{"count":0,"href":"https:\/\/hallelux.se\/pl\/wp-json\/wp\/v2\/pages\/939\/revisions"}],"wp:attachment":[{"href":"https:\/\/hallelux.se\/pl\/wp-json\/wp\/v2\/media?parent=939"}],"curies":[{"name":"wp","href":"https:\/\/api.w.org\/{rel}","templated":true}]}}